{"id":3898,"date":"2024-12-10T19:22:29","date_gmt":"2024-12-10T19:22:29","guid":{"rendered":"https:\/\/bluebridgelaw.com\/?page_id=3898"},"modified":"2026-04-01T09:44:37","modified_gmt":"2026-04-01T09:44:37","slug":"our-network-france","status":"publish","type":"page","link":"https:\/\/bluebridgelaw.com\/fr\/our-network-france\/","title":{"rendered":"OUR NETWORK France"},"content":{"rendered":"<div data-elementor-type=\"wp-page\" data-elementor-id=\"3898\" class=\"elementor elementor-3898\" data-elementor-post-type=\"page\">\n\t\t\t\t<div class=\"elementor-element elementor-element-f87120f e-flex e-con-boxed e-con e-parent\" data-id=\"f87120f\" data-element_type=\"container\" data-settings=\"{&quot;background_background&quot;:&quot;classic&quot;}\">\n\t\t\t\t\t<div class=\"e-con-inner\">\n\t\t<div class=\"elementor-element elementor-element-28d13f7 e-flex e-con-boxed e-con e-child\" data-id=\"28d13f7\" data-element_type=\"container\">\n\t\t\t\t\t<div class=\"e-con-inner\">\n\t\t\t\t<div class=\"elementor-element elementor-element-7538a14 elementor-widget elementor-widget-heading\" data-id=\"7538a14\" data-element_type=\"widget\" data-widget_type=\"heading.default\">\n\t\t\t\t<div class=\"elementor-widget-container\">\n\t\t\t\t\t<h1 class=\"elementor-heading-title elementor-size-default\">OUR NETWORK IN FRANCE<\/h1>\t\t\t\t<\/div>\n\t\t\t\t<\/div>\n\t\t\t\t<div class=\"elementor-element elementor-element-9496ff9 elementor-widget elementor-widget-heading\" data-id=\"9496ff9\" data-element_type=\"widget\" data-widget_type=\"heading.default\">\n\t\t\t\t<div class=\"elementor-widget-container\">\n\t\t\t\t\t<h2 class=\"elementor-heading-title elementor-size-default\">D\u00c9COUVREZ NOTRE R\u00c9SEAU D'AVOCATS<br> ATTORNEYS AND EXPERTS<\/h2>\t\t\t\t<\/div>\n\t\t\t\t<\/div>\n\t\t\t\t<div class=\"elementor-element elementor-element-9e43a2f elementor-align-center elementor-widget elementor-widget-button\" data-id=\"9e43a2f\" data-element_type=\"widget\" data-widget_type=\"button.default\">\n\t\t\t\t<div class=\"elementor-widget-container\">\n\t\t\t\t\t\t\t\t\t<div class=\"elementor-button-wrapper\">\n\t\t\t\t\t<a class=\"elementor-button elementor-button-link elementor-size-sm\" href=\"#contacto\">\n\t\t\t\t\t\t<span class=\"elementor-button-content-wrapper\">\n\t\t\t\t\t\t\t\t\t<span class=\"elementor-button-text\">CONTACTEZ-NOUS<\/span>\n\t\t\t\t\t<\/span>\n\t\t\t\t\t<\/a>\n\t\t\t\t<\/div>\n\t\t\t\t\t\t\t\t<\/div>\n\t\t\t\t<\/div>\n\t\t\t\t\t<\/div>\n\t\t\t\t<\/div>\n\t\t\t\t\t<\/div>\n\t\t\t\t<\/div>\n\t\t<div class=\"elementor-element elementor-element-d994084 e-flex e-con-boxed e-con e-parent\" data-id=\"d994084\" data-element_type=\"container\" data-settings=\"{&quot;background_background&quot;:&quot;classic&quot;}\">\n\t\t\t\t\t<div class=\"e-con-inner\">\n\t\t\t\t<div class=\"elementor-element elementor-element-3e78bf3 elementor-widget elementor-widget-heading\" data-id=\"3e78bf3\" data-element_type=\"widget\" data-widget_type=\"heading.default\">\n\t\t\t\t<div class=\"elementor-widget-container\">\n\t\t\t\t\t<h2 class=\"elementor-heading-title elementor-size-default\">Notre fondatrice<\/h2>\t\t\t\t<\/div>\n\t\t\t\t<\/div>\n\t\t\t\t\t<\/div>\n\t\t\t\t<\/div>\n\t\t<div class=\"elementor-element elementor-element-8454dbf e-flex e-con-boxed e-con e-parent\" data-id=\"8454dbf\" data-element_type=\"container\">\n\t\t\t\t\t<div class=\"e-con-inner\">\n\t\t<div class=\"elementor-element elementor-element-74e8ee4 e-con-full e-flex e-con e-child\" data-id=\"74e8ee4\" data-element_type=\"container\">\n\t\t\t\t<div class=\"elementor-element elementor-element-f0ab057 elementor-widget elementor-widget-text-editor\" data-id=\"f0ab057\" data-element_type=\"widget\" data-widget_type=\"text-editor.default\">\n\t\t\t\t<div class=\"elementor-widget-container\">\n\t\t\t\t\t\t\t\t\t<p>Admise aux barreaux de Paris et de Madrid et forte d'une solide exp\u00e9rience en droit international priv\u00e9, Me Yuliana Colorado a d\u00e9velopp\u00e9 une pratique sp\u00e9cifique dans la gestion de la mobilit\u00e9 internationale et de l'immigration professionnelle de ses clients en France et en Espagne, tant pour les entreprises que pour les particuliers.<\/p><p><br><\/p>\n<p>In cooperation with Bluebridge tax attorneys&#8217; network, she advises companies on a variety of business mobility issues such as the hiring of international profiles, outsourcing to foreign companies in France, or the deployment of teams abroad, particularly in Spain and Latin America.<\/p><p><br><\/p>\n<p><\/p>\n<p>Ma\u00eetre Colorado conseille \u00e9galement des particuliers - cadres hautement qualifi\u00e9s, Brexiters, talents, chercheurs, artistes de renom, r\u00e9alisateurs, sportifs internationaux, nomades num\u00e9riques, investisseurs - sur leurs besoins en mati\u00e8re de migration vers la France. Elle repr\u00e9sente des familles britanniques en France devant les autorit\u00e9s administratives fran\u00e7aises afin d'obtenir leur titre de s\u00e9jour \u00e0 la suite du Brexit.<\/p><p><br><\/p>\n<p><\/p>\n<p>Ma\u00eetre Colorado est titulaire d'un Master en droit international priv\u00e9 et commerce international de l'universit\u00e9 Paris 2 Panth\u00e9on Assas et d'un Master professionnel en arbitrage international de l'universit\u00e9 de Versailles. Elle parle fran\u00e7ais, anglais, espagnol et italien.<\/p>\t\t\t\t\t\t\t\t<\/div>\n\t\t\t\t<\/div>\n\t\t\t\t<\/div>\n\t\t<div class=\"elementor-element elementor-element-0607c1e e-con-full e-flex e-con e-child\" data-id=\"0607c1e\" data-element_type=\"container\">\n\t\t\t\t<div class=\"elementor-element elementor-element-40d57a9 elementor-widget elementor-widget-image\" data-id=\"40d57a9\" data-element_type=\"widget\" data-widget_type=\"image.default\">\n\t\t\t\t<div class=\"elementor-widget-container\">\n\t\t\t\t\t\t\t\t\t\t\t\t\t\t\t<img fetchpriority=\"high\" decoding=\"async\" width=\"218\" height=\"299\" src=\"https:\/\/bluebridgelaw.com\/wp-content\/uploads\/2024\/05\/Recurso-1-2.webp\" class=\"attachment-large size-large wp-image-274\" alt=\"|\" title=\"\">\t\t\t\t\t\t\t\t\t\t\t\t\t\t\t<\/div>\n\t\t\t\t<\/div>\n\t\t\t\t<div class=\"elementor-element elementor-element-1b440fe elementor-widget elementor-widget-text-editor\" data-id=\"1b440fe\" data-element_type=\"widget\" data-widget_type=\"text-editor.default\">\n\t\t\t\t<div class=\"elementor-widget-container\">\n\t\t\t\t\t\t\t\t\t<h5 class=\"font_5 wixui-rich-text__text\"><span class=\"wixui-rich-text__text\">Yuliana Colorado esq.<br class=\"wixui-rich-text__text\" \/><\/span><\/h5><div id=\"comp-klqvja1n\" class=\"HcOXKn c9GqVL QxJLC3 comp-klqvja1n wixui-rich-text\" data-testid=\"richTextElement\"><h5 class=\"font_5 wixui-rich-text__text\"><span class=\"wixui-rich-text__text\">Avocate \u00e0 Paris et Madrid<\/span><\/h5><\/div>\t\t\t\t\t\t\t\t<\/div>\n\t\t\t\t<\/div>\n\t\t\t\t<div class=\"elementor-element elementor-element-f0a2312 elementor-widget elementor-widget-text-editor\" data-id=\"f0a2312\" data-element_type=\"widget\" data-widget_type=\"text-editor.default\">\n\t\t\t\t<div class=\"elementor-widget-container\">\n\t\t\t\t\t\t\t\t\t<p>Yuliana Colorado esq. est avocate au barreau de Paris et de Madrid.<br class=\"wixui-rich-text__text\">More than 8 ans expertise<br>4 langues de travail<\/p>\t\t\t\t\t\t\t\t<\/div>\n\t\t\t\t<\/div>\n\t\t\t\t<div class=\"elementor-element elementor-element-b9d950e elementor-widget elementor-widget-image\" data-id=\"b9d950e\" data-element_type=\"widget\" data-widget_type=\"image.default\">\n\t\t\t\t<div class=\"elementor-widget-container\">\n\t\t\t\t\t\t\t\t\t\t\t\t\t\t\t<img decoding=\"async\" width=\"335\" height=\"171\" src=\"https:\/\/bluebridgelaw.com\/wp-content\/uploads\/2024\/05\/Capture_edited.webp\" class=\"attachment-large size-large wp-image-292\" alt=\"|\" srcset=\"https:\/\/bluebridgelaw.com\/wp-content\/uploads\/2024\/05\/Capture_edited.webp 335w, https:\/\/bluebridgelaw.com\/wp-content\/uploads\/2024\/05\/Capture_edited-300x153.webp 300w\" sizes=\"(max-width: 335px) 100vw, 335px\" title=\"\">\t\t\t\t\t\t\t\t\t\t\t\t\t\t\t<\/div>\n\t\t\t\t<\/div>\n\t\t\t\t<\/div>\n\t\t\t\t\t<\/div>\n\t\t\t\t<\/div>\n\t\t<div class=\"elementor-element elementor-element-36b07a3 e-flex e-con-boxed e-con e-parent\" data-id=\"36b07a3\" data-element_type=\"container\" data-settings=\"{&quot;background_background&quot;:&quot;classic&quot;}\">\n\t\t\t\t\t<div class=\"e-con-inner\">\n\t\t\t\t<div class=\"elementor-element elementor-element-1d653dc elementor-widget elementor-widget-heading\" data-id=\"1d653dc\" data-element_type=\"widget\" data-widget_type=\"heading.default\">\n\t\t\t\t<div class=\"elementor-widget-container\">\n\t\t\t\t\t<h2 class=\"elementor-heading-title elementor-size-default\">Notre r\u00e9seau de professionnels<\/h2>\t\t\t\t<\/div>\n\t\t\t\t<\/div>\n\t\t\t\t\t<\/div>\n\t\t\t\t<\/div>\n\t\t<div class=\"elementor-element elementor-element-e067382 e-flex e-con-boxed e-con e-parent\" data-id=\"e067382\" data-element_type=\"container\">\n\t\t\t\t\t<div class=\"e-con-inner\">\n\t\t\t\t<div class=\"elementor-element elementor-element-1f9786a elementor-widget elementor-widget-heading\" data-id=\"1f9786a\" data-element_type=\"widget\" data-widget_type=\"heading.default\">\n\t\t\t\t<div class=\"elementor-widget-container\">\n\t\t\t\t\t<h2 class=\"elementor-heading-title elementor-size-default\">Integrity. Professionalism. Reliability. Support.\n\n<\/h2>\t\t\t\t<\/div>\n\t\t\t\t<\/div>\n\t\t\t\t<div class=\"elementor-element elementor-element-afe0323 elementor-widget elementor-widget-text-editor\" data-id=\"afe0323\" data-element_type=\"widget\" data-widget_type=\"text-editor.default\">\n\t\t\t\t<div class=\"elementor-widget-container\">\n\t\t\t\t\t\t\t\t\t<p>Le r\u00e9seau Blue Bridge est constitu\u00e9 d'un ensemble organis\u00e9 d'avocats et de juristes sp\u00e9cialis\u00e9s dans diff\u00e9rents domaines du droit et poss\u00e9dant une vaste exp\u00e9rience dans les domaines juridique et corporatif, principalement bas\u00e9s \u00e0 Madrid, en Espagne, et \u00e0 Paris, en France, ainsi que dans d'autres r\u00e9gions telles que l'Am\u00e9rique du Sud.<\/p>\t\t\t\t\t\t\t\t<\/div>\n\t\t\t\t<\/div>\n\t\t\t\t\t<\/div>\n\t\t\t\t<\/div>\n\t\t<div class=\"elementor-element elementor-element-8ee2569 e-flex e-con-boxed e-con e-parent\" data-id=\"8ee2569\" data-element_type=\"container\">\n\t\t\t\t\t<div class=\"e-con-inner\">\n\t\t<div class=\"elementor-element elementor-element-e63d3ba e-con-full e-flex elementor-invisible e-con e-child\" data-id=\"e63d3ba\" data-element_type=\"container\" data-settings=\"{&quot;background_background&quot;:&quot;classic&quot;,&quot;animation&quot;:&quot;fadeInLeft&quot;}\">\n\t\t<div class=\"elementor-element elementor-element-1d12348 e-flex e-con-boxed e-con e-child\" data-id=\"1d12348\" data-element_type=\"container\">\n\t\t\t\t\t<div class=\"e-con-inner\">\n\t\t\t\t<div class=\"elementor-element elementor-element-d2de66d elementor-widget elementor-widget-image\" data-id=\"d2de66d\" data-element_type=\"widget\" data-widget_type=\"image.default\">\n\t\t\t\t<div class=\"elementor-widget-container\">\n\t\t\t\t\t\t\t\t\t\t\t\t\t\t\t<img decoding=\"async\" width=\"191\" height=\"293\" src=\"https:\/\/bluebridgelaw.com\/wp-content\/uploads\/2024\/05\/Joris-Leclercq-300x300-1.webp\" class=\"attachment-large size-large wp-image-282\" alt=\"|\" title=\"\">\t\t\t\t\t\t\t\t\t\t\t\t\t\t\t<\/div>\n\t\t\t\t<\/div>\n\t\t\t\t\t<\/div>\n\t\t\t\t<\/div>\n\t\t<div class=\"elementor-element elementor-element-a44f31b e-flex e-con-boxed e-con e-child\" data-id=\"a44f31b\" data-element_type=\"container\">\n\t\t\t\t\t<div class=\"e-con-inner\">\n\t\t\t\t<div class=\"elementor-element elementor-element-365a774 elementor-widget elementor-widget-heading\" data-id=\"365a774\" data-element_type=\"widget\" data-widget_type=\"heading.default\">\n\t\t\t\t<div class=\"elementor-widget-container\">\n\t\t\t\t\t<h2 class=\"elementor-heading-title elementor-size-default\">Avocat en droit fiscal international\n\n<\/h2>\t\t\t\t<\/div>\n\t\t\t\t<\/div>\n\t\t\t\t<div class=\"elementor-element elementor-element-7bb347a elementor-widget elementor-widget-heading\" data-id=\"7bb347a\" data-element_type=\"widget\" data-widget_type=\"heading.default\">\n\t\t\t\t<div class=\"elementor-widget-container\">\n\t\t\t\t\t<h2 class=\"elementor-heading-title elementor-size-default\">Joris Leclercq\n<\/h2>\t\t\t\t<\/div>\n\t\t\t\t<\/div>\n\t\t\t\t<div class=\"elementor-element elementor-element-77710ea elementor-widget elementor-widget-text-editor\" data-id=\"77710ea\" data-element_type=\"widget\" data-widget_type=\"text-editor.default\">\n\t\t\t\t<div class=\"elementor-widget-container\">\n\t\t\t\t\t\t\t\t\t<p>Ma\u00eetre Leclercq est avocat fiscaliste au barreau de Paris. Il est titulaire d'un Master 2 en gestion fiscale des entreprises (Skema Business School) ainsi que d'un dipl\u00f4me universitaire en fiscalit\u00e9 et comptabilit\u00e9 de l'universit\u00e9 de Lille II. Il accompagne et assiste les dirigeants d'entreprise, de la cr\u00e9ation \u00e0 la cession, dans toutes leurs d\u00e9marches en mati\u00e8re de droit fiscal et de droit des soci\u00e9t\u00e9s, notamment dans le cadre d'op\u00e9rations portant sur le capital social de la soci\u00e9t\u00e9 ou l'entr\u00e9e ou la sortie d'actionnaires.<\/p>\t\t\t\t\t\t\t\t<\/div>\n\t\t\t\t<\/div>\n\t\t\t\t\t<\/div>\n\t\t\t\t<\/div>\n\t\t\t\t<\/div>\n\t\t<div class=\"elementor-element elementor-element-bc5e92b e-con-full e-flex elementor-invisible e-con e-child\" data-id=\"bc5e92b\" data-element_type=\"container\" data-settings=\"{&quot;background_background&quot;:&quot;classic&quot;,&quot;animation&quot;:&quot;fadeInRight&quot;}\">\n\t\t<div class=\"elementor-element elementor-element-7287a4a e-flex e-con-boxed e-con e-child\" data-id=\"7287a4a\" data-element_type=\"container\">\n\t\t\t\t\t<div class=\"e-con-inner\">\n\t\t\t\t<div class=\"elementor-element elementor-element-c51a0a1 elementor-widget elementor-widget-image\" data-id=\"c51a0a1\" data-element_type=\"widget\" data-widget_type=\"image.default\">\n\t\t\t\t<div class=\"elementor-widget-container\">\n\t\t\t\t\t\t\t\t\t\t\t\t\t\t\t<img loading=\"lazy\" decoding=\"async\" width=\"191\" height=\"293\" src=\"https:\/\/bluebridgelaw.com\/wp-content\/uploads\/2024\/05\/cc1617107602-michel_nassar_photo_update___2_.webp\" class=\"attachment-large size-large wp-image-281\" alt=\"|\" title=\"\">\t\t\t\t\t\t\t\t\t\t\t\t\t\t\t<\/div>\n\t\t\t\t<\/div>\n\t\t\t\t\t<\/div>\n\t\t\t\t<\/div>\n\t\t<div class=\"elementor-element elementor-element-27a0352 e-flex e-con-boxed e-con e-child\" data-id=\"27a0352\" data-element_type=\"container\">\n\t\t\t\t\t<div class=\"e-con-inner\">\n\t\t\t\t<div class=\"elementor-element elementor-element-6f918b1 elementor-widget elementor-widget-heading\" data-id=\"6f918b1\" data-element_type=\"widget\" data-widget_type=\"heading.default\">\n\t\t\t\t<div class=\"elementor-widget-container\">\n\t\t\t\t\t<h2 class=\"elementor-heading-title elementor-size-default\">Avocat en droit des soci\u00e9t\u00e9s et en contentieux\n\n<\/h2>\t\t\t\t<\/div>\n\t\t\t\t<\/div>\n\t\t\t\t<div class=\"elementor-element elementor-element-4c18e00 elementor-widget elementor-widget-heading\" data-id=\"4c18e00\" data-element_type=\"widget\" data-widget_type=\"heading.default\">\n\t\t\t\t<div class=\"elementor-widget-container\">\n\t\t\t\t\t<h2 class=\"elementor-heading-title elementor-size-default\">Michel Nassar<\/h2>\t\t\t\t<\/div>\n\t\t\t\t<\/div>\n\t\t\t\t<div class=\"elementor-element elementor-element-520ee8e elementor-widget elementor-widget-text-editor\" data-id=\"520ee8e\" data-element_type=\"widget\" data-widget_type=\"text-editor.default\">\n\t\t\t\t<div class=\"elementor-widget-container\">\n\t\t\t\t\t\t\t\t\t<div id=\"comp-ln8tdhy3__item-ke74c9a7\" class=\"comp-ln8tdhy3 YzqVVZ wixui-repeater__item\" role=\"listitem\"><div class=\"\" data-mesh-id=\"comp-ln8tdhy3__item-ke74c9a7inlineContent\" data-testid=\"inline-content\"><div data-mesh-id=\"comp-ln8tdhy3__item-ke74c9a7inlineContent-gridContainer\" data-testid=\"mesh-container-content\"><div id=\"comp-ln8tdhz1__item-ke74c9a7\" class=\"HcOXKn c9GqVL QxJLC3 comp-ln8tdhz1 wixui-rich-text\" data-testid=\"richTextElement\"><p class=\"font_8 wixui-rich-text__text\"><span class=\"wixui-rich-text__text\">Me Nassar est membre du Barreau de Paris. Il est titulaire d'un Master 2 en arbitrage et commerce international de l'Universit\u00e9 de Versailles Saint-Quentin-en-Yvelines. Il est sp\u00e9cialis\u00e9 en arbitrage, droit commercial, droit des affaires et droit de la concurrence, ainsi qu'en droit international et droit de l'Union europ\u00e9enne. Il accompagne les entrepreneurs depuis la cr\u00e9ation de leur entreprise jusqu'\u00e0 la gestion des litiges, tant devant les tribunaux que dans le cadre de proc\u00e9dures d'arbitrage.<\/span><\/p><\/div><\/div><\/div><\/div>\t\t\t\t\t\t\t\t<\/div>\n\t\t\t\t<\/div>\n\t\t\t\t\t<\/div>\n\t\t\t\t<\/div>\n\t\t\t\t<\/div>\n\t\t\t\t\t<\/div>\n\t\t\t\t<\/div>\n\t\t<div class=\"elementor-element elementor-element-7d6dd8f e-flex e-con-boxed e-con e-parent\" data-id=\"7d6dd8f\" data-element_type=\"container\">\n\t\t\t\t\t<div class=\"e-con-inner\">\n\t\t<div class=\"elementor-element elementor-element-04d8ffa e-con-full e-flex elementor-invisible e-con e-child\" data-id=\"04d8ffa\" data-element_type=\"container\" data-settings=\"{&quot;background_background&quot;:&quot;classic&quot;,&quot;animation&quot;:&quot;fadeInLeft&quot;}\">\n\t\t<div class=\"elementor-element elementor-element-bb2003c e-flex e-con-boxed e-con e-child\" data-id=\"bb2003c\" data-element_type=\"container\">\n\t\t\t\t\t<div class=\"e-con-inner\">\n\t\t\t\t<div class=\"elementor-element elementor-element-5096f7d elementor-widget elementor-widget-image\" data-id=\"5096f7d\" data-element_type=\"widget\" data-widget_type=\"image.default\">\n\t\t\t\t<div class=\"elementor-widget-container\">\n\t\t\t\t\t\t\t\t\t\t\t\t\t\t\t<img loading=\"lazy\" decoding=\"async\" width=\"191\" height=\"293\" src=\"https:\/\/bluebridgelaw.com\/wp-content\/uploads\/2024\/05\/Design-sans-titre-3_edited.webp\" class=\"attachment-large size-large wp-image-280\" alt=\"|\" title=\"\">\t\t\t\t\t\t\t\t\t\t\t\t\t\t\t<\/div>\n\t\t\t\t<\/div>\n\t\t\t\t\t<\/div>\n\t\t\t\t<\/div>\n\t\t<div class=\"elementor-element elementor-element-6a4a6d0 e-flex e-con-boxed e-con e-child\" data-id=\"6a4a6d0\" data-element_type=\"container\">\n\t\t\t\t\t<div class=\"e-con-inner\">\n\t\t\t\t<div class=\"elementor-element elementor-element-582418c elementor-widget elementor-widget-heading\" data-id=\"582418c\" data-element_type=\"widget\" data-widget_type=\"heading.default\">\n\t\t\t\t<div class=\"elementor-widget-container\">\n\t\t\t\t\t<h2 class=\"elementor-heading-title elementor-size-default\">Avocat en immobilier\n<\/h2>\t\t\t\t<\/div>\n\t\t\t\t<\/div>\n\t\t\t\t<div class=\"elementor-element elementor-element-f442e58 elementor-widget elementor-widget-heading\" data-id=\"f442e58\" data-element_type=\"widget\" data-widget_type=\"heading.default\">\n\t\t\t\t<div class=\"elementor-widget-container\">\n\t\t\t\t\t<h2 class=\"elementor-heading-title elementor-size-default\">Aur\u00e9lie Tisseyre\n\n<\/h2>\t\t\t\t<\/div>\n\t\t\t\t<\/div>\n\t\t\t\t<div class=\"elementor-element elementor-element-a946b00 elementor-widget elementor-widget-text-editor\" data-id=\"a946b00\" data-element_type=\"widget\" data-widget_type=\"text-editor.default\">\n\t\t\t\t<div class=\"elementor-widget-container\">\n\t\t\t\t\t\t\t\t\t<div id=\"comp-ln8tdhy3__item-ke74ca48\" class=\"comp-ln8tdhy3 YzqVVZ wixui-repeater__item\" role=\"listitem\"><div class=\"\" data-mesh-id=\"comp-ln8tdhy3__item-ke74ca48inlineContent\" data-testid=\"inline-content\"><div data-mesh-id=\"comp-ln8tdhy3__item-ke74ca48inlineContent-gridContainer\" data-testid=\"mesh-container-content\"><div id=\"comp-ln8tdhz1__item-ke74ca48\" class=\"HcOXKn c9GqVL QxJLC3 comp-ln8tdhz1 wixui-rich-text\" data-testid=\"richTextElement\"><p class=\"font_8 wixui-rich-text__text\"><span class=\"wixui-rich-text__text\">A member of the Val-d&#8217;Oise Bar, Me Tisseyre posesses a Master\u2019s 2 in Contract and Commercial Law from the Universit\u00e9 Paris-Est Cr\u00e9teil. She is experienced in all types of litigation, particularly in the fields of family law, real estate law and business law. She combines her human qualities with great determination in each of her projects, which enables her to guarantee a high level of efficiency.<\/span><\/p><\/div><\/div><\/div><\/div>\t\t\t\t\t\t\t\t<\/div>\n\t\t\t\t<\/div>\n\t\t\t\t\t<\/div>\n\t\t\t\t<\/div>\n\t\t\t\t<\/div>\n\t\t<div class=\"elementor-element elementor-element-1758f49 e-con-full e-flex elementor-invisible e-con e-child\" data-id=\"1758f49\" data-element_type=\"container\" data-settings=\"{&quot;background_background&quot;:&quot;classic&quot;,&quot;animation&quot;:&quot;fadeInRight&quot;}\">\n\t\t<div class=\"elementor-element elementor-element-c2afb4f e-flex e-con-boxed e-con e-child\" data-id=\"c2afb4f\" data-element_type=\"container\">\n\t\t\t\t\t<div class=\"e-con-inner\">\n\t\t\t\t<div class=\"elementor-element elementor-element-7e4a555 elementor-widget elementor-widget-image\" data-id=\"7e4a555\" data-element_type=\"widget\" data-widget_type=\"image.default\">\n\t\t\t\t<div class=\"elementor-widget-container\">\n\t\t\t\t\t\t\t\t\t\t\t\t\t\t\t<img loading=\"lazy\" decoding=\"async\" width=\"191\" height=\"293\" src=\"https:\/\/bluebridgelaw.com\/wp-content\/uploads\/2024\/05\/Design-sans-titre-1_edited.webp\" class=\"attachment-large size-large wp-image-279\" alt=\"|\" title=\"\">\t\t\t\t\t\t\t\t\t\t\t\t\t\t\t<\/div>\n\t\t\t\t<\/div>\n\t\t\t\t\t<\/div>\n\t\t\t\t<\/div>\n\t\t<div class=\"elementor-element elementor-element-2ccd152 e-flex e-con-boxed e-con e-child\" data-id=\"2ccd152\" data-element_type=\"container\">\n\t\t\t\t\t<div class=\"e-con-inner\">\n\t\t\t\t<div class=\"elementor-element elementor-element-e397916 elementor-widget elementor-widget-heading\" data-id=\"e397916\" data-element_type=\"widget\" data-widget_type=\"heading.default\">\n\t\t\t\t<div class=\"elementor-widget-container\">\n\t\t\t\t\t<h2 class=\"elementor-heading-title elementor-size-default\">Avocat en mobilit\u00e9 internationale et immigration\n\n<\/h2>\t\t\t\t<\/div>\n\t\t\t\t<\/div>\n\t\t\t\t<div class=\"elementor-element elementor-element-915bf6b elementor-widget elementor-widget-heading\" data-id=\"915bf6b\" data-element_type=\"widget\" data-widget_type=\"heading.default\">\n\t\t\t\t<div class=\"elementor-widget-container\">\n\t\t\t\t\t<h2 class=\"elementor-heading-title elementor-size-default\">Jazz Ceraline\n\n<\/h2>\t\t\t\t<\/div>\n\t\t\t\t<\/div>\n\t\t\t\t<div class=\"elementor-element elementor-element-4759ea6 elementor-widget elementor-widget-text-editor\" data-id=\"4759ea6\" data-element_type=\"widget\" data-widget_type=\"text-editor.default\">\n\t\t\t\t<div class=\"elementor-widget-container\">\n\t\t\t\t\t\t\t\t\t<div id=\"comp-ln8tdhy3__item-ke74c9a7\" class=\"comp-ln8tdhy3 YzqVVZ wixui-repeater__item\" role=\"listitem\"><div class=\"\" data-mesh-id=\"comp-ln8tdhy3__item-ke74c9a7inlineContent\" data-testid=\"inline-content\"><div data-mesh-id=\"comp-ln8tdhy3__item-ke74c9a7inlineContent-gridContainer\" data-testid=\"mesh-container-content\"><div id=\"comp-ln8tdhz1__item-ke74c9a7\" class=\"HcOXKn c9GqVL QxJLC3 comp-ln8tdhz1 wixui-rich-text\" data-testid=\"richTextElement\"><div id=\"comp-ln8tdhy3__item1\" class=\"comp-ln8tdhy3 YzqVVZ wixui-repeater__item\" role=\"listitem\"><div class=\"\" data-mesh-id=\"comp-ln8tdhy3__item1inlineContent\" data-testid=\"inline-content\"><div data-mesh-id=\"comp-ln8tdhy3__item1inlineContent-gridContainer\" data-testid=\"mesh-container-content\"><div id=\"comp-ln8tdhz1__item1\" class=\"HcOXKn c9GqVL QxJLC3 comp-ln8tdhz1 wixui-rich-text\" data-testid=\"richTextElement\"><p class=\"font_8 wixui-rich-text__text\"><span class=\"wixui-rich-text__text\">Me Ceraline is a member of the Aix-en-Provence Bar. She has worked in numerous lawyer\u2019s firms as an expert in nationality, immigration, foreign nationals and asylum law as well as branches of private law such as family and corporate law. She is skilled in the follow-up and preparation of files, legal research and drafting appeals. She holds a Master\u2019s 2 in Public and International Law \u201cLaw of State Reconstruction\u201d from the University of Aix-Marseille.<\/span><\/p><\/div><\/div><\/div><\/div><\/div><\/div><\/div><\/div>\t\t\t\t\t\t\t\t<\/div>\n\t\t\t\t<\/div>\n\t\t\t\t\t<\/div>\n\t\t\t\t<\/div>\n\t\t\t\t<\/div>\n\t\t\t\t\t<\/div>\n\t\t\t\t<\/div>\n\t\t<div class=\"elementor-element elementor-element-6b8d054 e-flex e-con-boxed e-con e-parent\" data-id=\"6b8d054\" data-element_type=\"container\">\n\t\t\t\t\t<div class=\"e-con-inner\">\n\t\t<div class=\"elementor-element elementor-element-b6334fe e-con-full e-flex elementor-invisible e-con e-child\" data-id=\"b6334fe\" data-element_type=\"container\" data-settings=\"{&quot;background_background&quot;:&quot;classic&quot;,&quot;animation&quot;:&quot;fadeInRight&quot;}\">\n\t\t<div class=\"elementor-element elementor-element-c52e280 e-flex e-con-boxed e-con e-child\" data-id=\"c52e280\" data-element_type=\"container\">\n\t\t\t\t\t<div class=\"e-con-inner\">\n\t\t\t\t<div class=\"elementor-element elementor-element-b917b99 elementor-widget elementor-widget-image\" data-id=\"b917b99\" data-element_type=\"widget\" data-widget_type=\"image.default\">\n\t\t\t\t<div class=\"elementor-widget-container\">\n\t\t\t\t\t\t\t\t\t\t\t\t\t\t\t<img loading=\"lazy\" decoding=\"async\" width=\"185\" height=\"265\" src=\"https:\/\/bluebridgelaw.com\/wp-content\/uploads\/2024\/05\/Photo-Liliane-Soares_edited.webp\" class=\"attachment-large size-large wp-image-276\" alt=\"|\" title=\"\">\t\t\t\t\t\t\t\t\t\t\t\t\t\t\t<\/div>\n\t\t\t\t<\/div>\n\t\t\t\t\t<\/div>\n\t\t\t\t<\/div>\n\t\t<div class=\"elementor-element elementor-element-f3055b1 e-flex e-con-boxed e-con e-child\" data-id=\"f3055b1\" data-element_type=\"container\">\n\t\t\t\t\t<div class=\"e-con-inner\">\n\t\t\t\t<div class=\"elementor-element elementor-element-6424905 elementor-widget elementor-widget-heading\" data-id=\"6424905\" data-element_type=\"widget\" data-widget_type=\"heading.default\">\n\t\t\t\t<div class=\"elementor-widget-container\">\n\t\t\t\t\t<h2 class=\"elementor-heading-title elementor-size-default\">Avocat en droit des migrations et en droit commercial international\n\n\n<\/h2>\t\t\t\t<\/div>\n\t\t\t\t<\/div>\n\t\t\t\t<div class=\"elementor-element elementor-element-2615c36 elementor-widget elementor-widget-heading\" data-id=\"2615c36\" data-element_type=\"widget\" data-widget_type=\"heading.default\">\n\t\t\t\t<div class=\"elementor-widget-container\">\n\t\t\t\t\t<h2 class=\"elementor-heading-title elementor-size-default\">Liliane Soares\n\n\n<\/h2>\t\t\t\t<\/div>\n\t\t\t\t<\/div>\n\t\t\t\t<div class=\"elementor-element elementor-element-a18955c elementor-widget elementor-widget-text-editor\" data-id=\"a18955c\" data-element_type=\"widget\" data-widget_type=\"text-editor.default\">\n\t\t\t\t<div class=\"elementor-widget-container\">\n\t\t\t\t\t\t\t\t\t<div id=\"comp-ln8tdhy3__item-ke74c9a7\" class=\"comp-ln8tdhy3 YzqVVZ wixui-repeater__item\" role=\"listitem\"><div class=\"\" data-mesh-id=\"comp-ln8tdhy3__item-ke74c9a7inlineContent\" data-testid=\"inline-content\"><div data-mesh-id=\"comp-ln8tdhy3__item-ke74c9a7inlineContent-gridContainer\" data-testid=\"mesh-container-content\"><div id=\"comp-ln8tdhz1__item-ke74c9a7\" class=\"HcOXKn c9GqVL QxJLC3 comp-ln8tdhz1 wixui-rich-text\" data-testid=\"richTextElement\"><div id=\"comp-ln8tdhy3__item1\" class=\"comp-ln8tdhy3 YzqVVZ wixui-repeater__item\" role=\"listitem\"><div class=\"\" data-mesh-id=\"comp-ln8tdhy3__item1inlineContent\" data-testid=\"inline-content\"><div data-mesh-id=\"comp-ln8tdhy3__item1inlineContent-gridContainer\" data-testid=\"mesh-container-content\"><div id=\"comp-ln8tdhz1__item1\" class=\"HcOXKn c9GqVL QxJLC3 comp-ln8tdhz1 wixui-rich-text\" data-testid=\"richTextElement\"><section id=\"comp-ln8tdhuk\" class=\"Oqnisf comp-ln8tdhuk wixui-section\" tabindex=\"-1\" data-block-level-container=\"ClassicSection\"><div class=\"\" data-mesh-id=\"comp-ln8tdhukinlineContent\" data-testid=\"inline-content\"><div data-mesh-id=\"comp-ln8tdhukinlineContent-gridContainer\" data-testid=\"mesh-container-content\"><div id=\"comp-ln8tdhxn\" class=\"comp-ln8tdhxn wixui-repeater\"><div id=\"comp-ln8tdhxn_wrapper\" class=\"o6oDlF\"><div id=\"comp-ln8tdhy3__item-ke74cbkg\" class=\"comp-ln8tdhy3 YzqVVZ wixui-repeater__item\" role=\"listitem\"><div class=\"\" data-mesh-id=\"comp-ln8tdhy3__item-ke74cbkginlineContent\" data-testid=\"inline-content\"><div data-mesh-id=\"comp-ln8tdhy3__item-ke74cbkginlineContent-gridContainer\" data-testid=\"mesh-container-content\"><div id=\"comp-ln8tdhz1__item-ke74cbkg\" class=\"HcOXKn c9GqVL QxJLC3 comp-ln8tdhz1 wixui-rich-text\" data-testid=\"richTextElement\"><p class=\"font_8 wixui-rich-text__text\"><span class=\"color_20 wixui-rich-text__text\"><span class=\"wixui-rich-text__text\">Me Soares, de nationalit\u00e9 franco-br\u00e9silienne, est membre du Barreau de Rio de Janeiro et du Barreau de Paris. Son exp\u00e9rience acquise dans un cabinet d'avocats d'affaires \u00e0 Rio de Janeiro et en tant que juriste dans l'administration publique f\u00e9d\u00e9rale au Br\u00e9sil, ainsi que son exp\u00e9rience en France dans le domaine des march\u00e9s publics, lui ont permis de d\u00e9velopper une exp\u00e9rience approfondie en droit des affaires, droit des migrations et droit public, aupr\u00e8s d'une client\u00e8le vari\u00e9e.<\/span><\/span><\/p><\/div><\/div><\/div><\/div><\/div><\/div><\/div><\/div><\/section><section id=\"comp-lnlw8c68\" class=\"Oqnisf comp-lnlw8c68 wixui-section\" tabindex=\"-1\" data-block-level-container=\"ClassicSection\"><div id=\"bgLayers_comp-lnlw8c68\" class=\"MW5IWV\" data-hook=\"bgLayers\" data-motion-part=\"BG_LAYER\">\u00a0<\/div><\/section><\/div><\/div><\/div><\/div><\/div><\/div><\/div><\/div>\t\t\t\t\t\t\t\t<\/div>\n\t\t\t\t<\/div>\n\t\t\t\t\t<\/div>\n\t\t\t\t<\/div>\n\t\t\t\t<\/div>\n\t\t\t\t\t<\/div>\n\t\t\t\t<\/div>\n\t\t<div class=\"elementor-element elementor-element-dc2db30 e-flex e-con-boxed e-con e-parent\" data-id=\"dc2db30\" data-element_type=\"container\" data-settings=\"{&quot;background_background&quot;:&quot;classic&quot;}\">\n\t\t\t\t\t<div class=\"e-con-inner\">\n\t\t\t\t<div class=\"elementor-element elementor-element-20644e1 elementor-widget elementor-widget-menu-anchor\" data-id=\"20644e1\" data-element_type=\"widget\" data-widget_type=\"menu-anchor.default\">\n\t\t\t\t<div class=\"elementor-widget-container\">\n\t\t\t\t\t\t\t<div class=\"elementor-menu-anchor\" id=\"contacto\"><\/div>\n\t\t\t\t\t\t<\/div>\n\t\t\t\t<\/div>\n\t\t\t\t<div class=\"elementor-element elementor-element-0965ebe elementor-widget elementor-widget-heading\" data-id=\"0965ebe\" data-element_type=\"widget\" data-widget_type=\"heading.default\">\n\t\t\t\t<div class=\"elementor-widget-container\">\n\t\t\t\t\t<h2 class=\"elementor-heading-title elementor-size-default\">Contactez-nous<\/h2>\t\t\t\t<\/div>\n\t\t\t\t<\/div>\n\t\t\t\t\t<\/div>\n\t\t\t\t<\/div>\n\t\t<div class=\"elementor-element elementor-element-cta_container_6egh3co e-flex e-con-boxed e-con e-parent\" data-id=\"cta_container_6egh3co\" data-element_type=\"container\" data-settings=\"{&quot;background_background&quot;:&quot;classic&quot;}\">\n\t\t\t\t\t<div class=\"e-con-inner\">\n\t\t\t\t<div class=\"elementor-element elementor-element-h_oavkwty elementor-widget elementor-widget-heading\" data-id=\"h_oavkwty\" data-element_type=\"widget\" data-widget_type=\"heading.default\">\n\t\t\t\t<div class=\"elementor-widget-container\">\n\t\t\t\t\t<h2 class=\"elementor-heading-title elementor-size-default\">CONTACTEZ-NOUS<\/h2>\t\t\t\t<\/div>\n\t\t\t\t<\/div>\n\t\t\t\t<div class=\"elementor-element elementor-element-t_8kg8m96 elementor-widget elementor-widget-text-editor\" data-id=\"t_8kg8m96\" data-element_type=\"widget\" data-widget_type=\"text-editor.default\">\n\t\t\t\t<div class=\"elementor-widget-container\">\n\t\t\t\t\t\t\t\t\t<p style=\"text-align:center;color:#F5EFE7;\">Contact us now and get your first free assessment within 48h<\/p>\t\t\t\t\t\t\t\t<\/div>\n\t\t\t\t<\/div>\n\t\t\t\t<div class=\"elementor-element elementor-element-b_so6y8no elementor-align-center elementor-widget elementor-widget-button\" data-id=\"b_so6y8no\" data-element_type=\"widget\" data-widget_type=\"button.default\">\n\t\t\t\t<div class=\"elementor-widget-container\">\n\t\t\t\t\t\t\t\t\t<div class=\"elementor-button-wrapper\">\n\t\t\t\t\t<a class=\"elementor-button elementor-button-link elementor-size-lg\" href=\"https:\/\/bluebridgelaw.com\/fr\/#formulario\">\n\t\t\t\t\t\t<span class=\"elementor-button-content-wrapper\">\n\t\t\t\t\t\t\t\t\t<span class=\"elementor-button-text\">BOOK A CALL<\/span>\n\t\t\t\t\t<\/span>\n\t\t\t\t\t<\/a>\n\t\t\t\t<\/div>\n\t\t\t\t\t\t\t\t<\/div>\n\t\t\t\t<\/div>\n\t\t\t\t\t<\/div>\n\t\t\t\t<\/div>\n\t\t\t\t<\/div>","protected":false},"excerpt":{"rendered":"<p>OUR NETWORK IN FRANCE MEET OUR NETWORK OF FRENCH ATTORNEYS AND EXPERTS CONTACT US NOW Our founder Admitted to the Paris and Madrid Bars and with a strong practice in international private law, Me Yuliana Colorado has developed specific expertise in managing global mobility and professional immigration of her clients in France and Spain, both [&hellip;]<\/p>","protected":false},"author":1,"featured_media":0,"parent":0,"menu_order":0,"comment_status":"closed","ping_status":"closed","template":"","meta":{"footnotes":""},"class_list":["post-3898","page","type-page","status-publish","hentry"],"_links":{"self":[{"href":"https:\/\/bluebridgelaw.com\/fr\/wp-json\/wp\/v2\/pages\/3898","targetHints":{"allow":["GET"]}}],"collection":[{"href":"https:\/\/bluebridgelaw.com\/fr\/wp-json\/wp\/v2\/pages"}],"about":[{"href":"https:\/\/bluebridgelaw.com\/fr\/wp-json\/wp\/v2\/types\/page"}],"author":[{"embeddable":true,"href":"https:\/\/bluebridgelaw.com\/fr\/wp-json\/wp\/v2\/users\/1"}],"replies":[{"embeddable":true,"href":"https:\/\/bluebridgelaw.com\/fr\/wp-json\/wp\/v2\/comments?post=3898"}],"version-history":[{"count":12,"href":"https:\/\/bluebridgelaw.com\/fr\/wp-json\/wp\/v2\/pages\/3898\/revisions"}],"predecessor-version":[{"id":5825,"href":"https:\/\/bluebridgelaw.com\/fr\/wp-json\/wp\/v2\/pages\/3898\/revisions\/5825"}],"wp:attachment":[{"href":"https:\/\/bluebridgelaw.com\/fr\/wp-json\/wp\/v2\/media?parent=3898"}],"curies":[{"name":"wp","href":"https:\/\/api.w.org\/{rel}","templated":true}]}}